{"id":227,"date":"2025-09-22T11:51:46","date_gmt":"2025-09-22T09:51:46","guid":{"rendered":"https:\/\/frommlet-wolfram.de\/?page_id=227"},"modified":"2025-09-22T14:25:53","modified_gmt":"2025-09-22T12:25:53","slug":"barrierefrei","status":"publish","type":"page","link":"https:\/\/frommlet-wolfram.de\/index.php\/barrierefrei\/","title":{"rendered":"Barrierefrei"},"content":{"rendered":"\n<p>Auf dieser Seite finden Sie den gesamten Inhalt des Internet-Angebotes unter <\/p>\n\n\n\n<p>www.frommlet-wolfram.de <\/p>\n\n\n\n<p>in barriere-armer Fassung, als unformatierten Text. R\u00fcckfragen gern jederzeit telefonisch oder unter der angegebenen E-Mail Adresse. Wir werden Ihnen jederzeit gern dabei helfen, das Informationsangebot dieser Seiten zu nutzen, kontaktieren Sie uns \u00fcber die angegebenen Kan\u00e4le.<\/p>\n\n\n\n<p>Sie k\u00f6nnen die ASCII Datei auch f\u00fcr Ihr Vorlesprogramm herunterladen, unter diesem Link: <a href=\"http:\/\/frommlet-wolfram.de\/wp-content\/uploads\/2025\/09\/FROMMLET-WOLFRAM-DE.txt\">FROMMLET-WOLFRAM-DE.TXT<\/a><\/p>\n\n\n\n<p>Titel: <\/p>\n\n\n\n<p>Wolfram Frommlet<br>Webseite des Ravensburger Autors und Journalisten<br>Textinhalt \u2013 Barrierearme Fassung<\/p>\n\n\n\n<p>Kontakt:<br>E-Mail: buero@frommlet-wolfram.de<\/p>\n\n\n\n<p>Inhaltsverzeichnis<\/p>\n\n\n\n<ol class=\"wp-block-list\">\n<li>Inhalt<\/li>\n\n\n\n<li>Journalist<br>2.1. H\u00f6rfunk &amp; Fernsehen<br>2.2. Zeitungen, Zeitschriften, Verlage<\/li>\n\n\n\n<li>Autor<br>3.1. Reden, Vortr\u00e4ge &amp; Lesungen<br>3.2. Dokumentarfilme<br>INHALT &amp; THEMEN<br>3.3. B\u00fccher, B\u00fchnenst\u00fccke, Audio<\/li>\n\n\n\n<li>Dozent<br>4.1. Ehemalige Lehrt\u00e4tigkeiten<br>4.2. Medientrainings<\/li>\n\n\n\n<li>Kulturschaffender<br>5.1. Lesungen, Literatur &amp; Musik<br>5.2. Theater<br>5.3. Talkshow \u201eangesagt\u201c<br>Presse &amp; G\u00e4steliste<br>5.4. Forschung im Gespr\u00e4ch<\/li>\n\n\n\n<li>Zu meiner Person<br>6.1. Vita<br>6.2. Preise und Auszeichnungen<br>6.3. Mitgliedschaften<br>6.4. Links<\/li>\n\n\n\n<li>Impressum\n<ol start=\"2\" class=\"wp-block-list\">\n<li>Journalist<\/li>\n<\/ol>\n<\/li>\n<\/ol>\n\n\n\n<p>Zeitliche Tabelle der Lebensstationen<\/p>\n\n\n\n<p>Seit 1996<br>Freiberuflich Kulturschaffender, Autor, Publizist<br>1982 \u2013 2003<br>Senior Trainer, Journalist im festen Status f\u00fcr:<br>Deutsche Welle English Service, Deutsche Welle Radio Training Centre, K\u00f6ln<br>Trainer, Consultant, Journalist f\u00fcr Internationale Organisationen Goethe Institut \/ UNESCO Paris \u2013 Nairobi \/ gtz Gesellschaft f\u00fcr Technische Zusammenarbeit \/ Deutsche Welthungerhilfe und andere<br>1978 &#8211; 1982<br>Projektleiter eines Medienprojektes der Naumann-Stiftung in Lusaka \/ Sambia<br>1972 \u20131978<br>fester Mitarbeiter mit Redakteursstatus im WDR K\u00f6ln<br>H\u00f6rfunk III. Programm<br>Fernsehen III. Programm<\/p>\n\n\n\n<p>Features, Dokumentationen (u.a. \u201eZeitZeichen\u201c), Reportagen (30:00 \u2013 60:00), Live-Programme als Moderator &amp; Redakteur (\u201eEnde offen\u201c, \u201eVor Ort\u201c ), Kommentare, Essays, Magazine, H\u00f6rspiele, Kinder- &amp; Jugendprogramme<\/p>\n\n\n\n<pre class=\"wp-block-code\"><code>    2.1. H\u00f6rfunk &amp; Fernsehen<\/code><\/pre>\n\n\n\n<p>Westdeutscher Rundfunk<\/p>\n\n\n\n<ul class=\"wp-block-list\">\n<li>DeutschlandRadio Berlin (&#8222;Kalenderblatt&#8220;)<\/li>\n\n\n\n<li>S\u00fcddeutscher Rundfunk Stuttgart (&#8222;Der Gr\u00fcne Punkt&#8220; \u2013 Vorschulprogramm)<\/li>\n\n\n\n<li>S\u00fcdwestfunk Baden-Baden<\/li>\n\n\n\n<li>Bayerischer Rundfunk<\/li>\n\n\n\n<li>Zweites Deutsches Fernsehen<\/li>\n\n\n\n<li>Transtel Fernsehen<\/li>\n\n\n\n<li>Radio Bremen<\/li>\n\n\n\n<li>Deutsche Welle, English Service Africa &amp; Asia<br>Ausstrahlung von H\u00f6rspielen, Rundfunkfeatures in englischer Sprache in ca. 50 nationalen Sendern via Deutsche Welle Exchange in Afrika &amp; Asien <code>2.2. Zeitungen, Zeitschriften, Verlage<\/code><\/li>\n<\/ul>\n\n\n\n<p>Print Medien<br>Essays, Reportagen, Dokumentationen, Portraits, Kulturkritik, wissenschaftliche<br>Aufs\u00e4tze u.a. in folgenden Zeitschriften \/ Zeitungen:<\/p>\n\n\n\n<ul class=\"wp-block-list\">\n<li>Medium<\/li>\n\n\n\n<li>Publizistik &amp; Kunst<\/li>\n\n\n\n<li>Unesco heute<\/li>\n\n\n\n<li>Zeitschr. f\u00fcr Kulturaustausch<\/li>\n\n\n\n<li>epd-Entwicklungspolitik<\/li>\n\n\n\n<li>Unicef Prisma<\/li>\n\n\n\n<li>K\u00fcrbiskern<\/li>\n\n\n\n<li>Tendenzen<\/li>\n\n\n\n<li>Afrika S\u00fcd<\/li>\n\n\n\n<li>Bl\u00e4tter des iz3w<\/li>\n\n\n\n<li>medico international<\/li>\n\n\n\n<li>Weltern\u00e4hrung<\/li>\n\n\n\n<li>Samsolidam<\/li>\n\n\n\n<li>Schw\u00e4bische Zeitung<\/li>\n\n\n\n<li>Schw\u00e4bische Heimat<br>Essays, Reportagen, Dokumentationen, Portraits, Kulturkritik, wissenschaftliche<br>Aufs\u00e4tze u.a. f\u00fcr folgende Verlage:<\/li>\n\n\n\n<li>Rowohlt<\/li>\n\n\n\n<li>Nomos Baden-Baden<\/li>\n\n\n\n<li>Peter Hammer Wuppertal<\/li>\n\n\n\n<li>Weismann M\u00fcnchen<\/li>\n\n\n\n<li>Beltz<\/li>\n\n\n\n<li>Wissenschaftl. Buchgesellschaft Darmstadt<\/li>\n\n\n\n<li>Bund Verlag<\/li>\n\n\n\n<li>Schwann D\u00fcsseldorf<\/li>\n\n\n\n<li>Biberacher Verlagsdruckerei<\/li>\n\n\n\n<li>Textor Theaterverlag<\/li>\n\n\n\n<li>Thienemann Theaterverlag<\/li>\n\n\n\n<li>PapyRossa K\u00f6ln<\/li>\n\n\n\n<li>Haag &amp; Herchen<\/li>\n\n\n\n<li>Pahl-Rugenstein<\/li>\n\n\n\n<li>Fink M\u00fcnchen<\/li>\n\n\n\n<li>VGS Schulfernsehen<\/li>\n\n\n\n<li>Verlag Grenzenlos HH<\/li>\n\n\n\n<li>Damnitz M\u00fcnchen\n<ol start=\"3\" class=\"wp-block-list\">\n<li>Autor<\/li>\n<\/ol>\n<\/li>\n<\/ul>\n\n\n\n<p>2025<br>&#8222;Johann Sebastian Bach geht \u00fcber den Sambesi&#8220;<br>https:\/\/www.kroener-verlag.de\/books\/johann-sebastian-bach-geht-%C3%BCber-den-sambesi.html<\/p>\n\n\n\n<p>2015<br>Von Liebe und Leid, von Arbeit und W\u00fcrde: Ravensburger Lebensgeschichten aus 100 Jahren<br>https:\/\/www.amazon.de\/Liebe-Leid-Arbeit-W%C3%BCrde-Lebensgeschichten\/dp\/3943391701<br>2000 \u2013 2001<br>Mit mehrfachen Auszeichnungen erschienen:<br>&#8222;Mond und Morgenstern&#8220;<br>Mit Henning Wagenbreth (Illustrator)<br>ISBN 3-87294-784-2<\/p>\n\n\n\n<pre class=\"wp-block-code\"><code>    3.1. Reden, Vortr\u00e4ge &amp; Lesungen <\/code><\/pre>\n\n\n\n<p>Rede 1.Mai Ravensburg 2015 (75 kb)<br>Rede Charlie Hebdo Ravensburg, 2015 (270 kb)<br>Rede attac Lindau, 2016 (275 kb)<br>Essay \u201eM\u00fcndliche Geschichte\u201c 2013 (131 kb)<br>Rede Gentech Ravensburg 2008 (95 kb)<br>Gedenkveranstaltung zum 60. Jahrestag Hiroshima, 6.8.2005 in Ravensburg (25 kb)<br>Lesung-Weltethos-12_2005.pdf (187 kb)<br>Rede-Antikriegstag-RV-BC-09_2004.pdf (105 kb)<br>Rede-Friedenswoche-RV-11_2004.pdf (55 kb)<br>Rede-Heimat-2004.pdf (68 kb)<br>Essay f\u00fcr eine Publikation der Aleviten Gemeinden Deutschland, 2003 (47 kb)<br>Sie suchen einen rhetorisch-dialektischen Referenten zu einem globalen Thema?<br>Nehmen Sie bitte mit mir Kontakt auf!<\/p>\n\n\n\n<pre class=\"wp-block-code\"><code>    3.2. Dokumentarfilme<\/code><\/pre>\n\n\n\n<p>FS-Dokumentationen, Reportagen, Feature f\u00fcr WDR, ZDF, Transtel<\/p>\n\n\n\n<p>Dokumentarfilm-Reihe \u201eRavensburger Zeitzeugen\u201c<br>7 filmische Dokumentationen 2006 \u2013 2015<br>Im Auftrag von: Museum Humpis Quartier<br>Amt f\u00fcr Stadtsanierung (f\u00fcr \u00d6lschwang-Dokumentation)<br>INHALT &amp; THEMEN<br>Die sieben filmischen Dokumentationen sind ebenso unterhaltsame wie aufschlussreiche Beispiele f\u00fcr \u201eErz\u00e4hlte Geschichte\u201c, f\u00fcr \u201eGeschichte von unten\u201c, wie sie nicht in Geschichtsb\u00fcchern steht. Dokumente und Erinnerungen von Zeitzeugen \u00fcber Handwerk und Industrie, \u00fcber Traditionen, Kultur und Bildung, \u00fcber Architektur, zivilgesellschaftliches Engagement und Kommunalit\u00e4t.<\/p>\n\n\n\n<p>Die Filme entstanden zwischen 2006 und 2015.<\/p>\n\n\n\n<ul class=\"wp-block-list\">\n<li>\u201eAls Wirtin musst Du die Menschen lieben\u201c<br>Die \u201eMohren\u201c-Wirtin Pia Kutter 24:30 Min.<\/li>\n\n\n\n<li>Erich Hausser. Ein Fotografen-Leben 20:00 Min.<\/li>\n\n\n\n<li>Von der Stadtwirtschaft zum Sterne-Restaurant<br>150 Jahre \u201eWaldhorn\u201c 24:52 Min.<\/li>\n\n\n\n<li>Von Ravensburg in die Welt und zur\u00fcck<br>Elisabeth Stoll-Scheuerle 29:30 Min.<\/li>\n\n\n\n<li>Nirgendwo die Angst vor dem Zwang wachrufen<br>Die Architekten Hans und Maria Riempp 25:00 Min.<\/li>\n\n\n\n<li>Der \u00d6lschwang. Ein Ravensburger Stadtviertel<br>Geschichten \u00fcber das Wasser, die Arbeit und die Menschen. 80:00 Min.<\/li>\n\n\n\n<li>\u201eEs ist falsch, nichts zu tun.\u201c<br>Das engagierte Leben der Maria Ballarin. 60:00 Min<\/li>\n<\/ul>\n\n\n\n<p>Buch, Regie, Sprecher: Wolfram Frommlet<br>Kamera &amp; Schnitt: Paul Grom, Beppo Berger<\/p>\n\n\n\n<pre class=\"wp-block-code\"><code>    3.3. B\u00fchnenst\u00fccke<\/code><\/pre>\n\n\n\n<p>S. 302 Sambesi \u2013 Biografische Angaben HIER EINTRAGEN ts$<br>4. Dozent<br>S. 362 Sambesi \u2013 Biographische Angaben<br>Hochschul-Dozenturen 1975 \u2013 2020<br>NOCH EINTRAGEN ts$<\/p>\n\n\n\n<ul class=\"wp-block-list\">\n<li>Duale Hochschule Baden-W\u00fcrttemberg (DHBW) Ravensburg, 1998 \u2013 2006<br>FB Medien- &amp; Kommunikationswirtschaft:<br>Fernsehen, H\u00f6rfunk, Verlage, Digitale Medien, NGO Kommunikation<br>FB International Business:<br>Intercultural Managament \/ International Relations<br>FB International Students Programme (Intern. Austauschstudenten):<br>Economics Germany &amp; EEU; scientific writing<\/li>\n\n\n\n<li>Fachhochschule Weingarten, Abt. Informatik, 2000 &#8211; 2006<br>Schreibwerkst\u00e4tten \u2013 Wissenschaftliche Texte <code>4.1. Medientrainings<\/code><\/li>\n\n\n\n<li>WDR K\u00f6ln, Ausbildungsabteilung<\/li>\n\n\n\n<li>S\u00fcdwestfunk Baden-Baden, Ausbildungsabteilung<\/li>\n\n\n\n<li>Radio Nederland Training Centre, Hilversum<\/li>\n\n\n\n<li>Internationales Institut f\u00fcr Journalismus, Berlin<br>f\u00fcr Journalisten, Autoren, Regisseure, Schauspieler aus Asien, Afrika, Nahost 1978 &#8211; 2005<\/li>\n\n\n\n<li>Deutsche Welle Radio Training Centre, K\u00f6ln<\/li>\n\n\n\n<li>Goethe Institute Indonesien, Tansania, Sri Lanka, Ghana<\/li>\n\n\n\n<li>UNESCO Paris \u2013 Kenia<\/li>\n\n\n\n<li>Friedrich Naumann Stiftung, Bonn<br>Trainings &amp; Consultings in folgenden L\u00e4ndern:<br>Aethiopien, Ghana, Kenia, Malawi, Mocambique, Namibia, Nigeria, Ruanda, Sambia,<br>Simbabwe, S\u00fcdafrika, Tansania, Uganda, Jamaica, China, Indien, Indonesien, Thailand, Sri Lanka\n<ol start=\"5\" class=\"wp-block-list\">\n<li>Kulturschaffender<\/li>\n<\/ol>\n<\/li>\n<\/ul>\n\n\n\n<p>Seit 1998 wieder in Ravensburg mit Theaterprojekten, Konzertlesungen zu den<br>Kulturen Europas, Afrikas &amp; Asiens, publiziert Texte aus den Bereichen Kultur und<br>Politik. Erfolgreich mit der Live-Talkshow &#8222;angesagt &#8211; Menschen aus der Region&#8220; im<br>Kulturzentrum &#8222;Linse&#8220; in Weingarten.<br>Talkshow &#8222;Gespr\u00e4che \u00fcber die Zukunft&#8220; im Theater Ravensburg.<\/p>\n\n\n\n<p>Foto:<br>Jazz &amp; Lyrik, Gedichte \u00fcber die Liebe und \u00fcber die M\u00e4nner<br>Andieh Merk, Wolfram Frommlet &amp; Mahdi Milla<\/p>\n\n\n\n<pre class=\"wp-block-code\"><code>    5.1. Talkshow \u201eangesagt\u201c<\/code><\/pre>\n\n\n\n<p>Die Live-Talkshow &#8222;angesagt&#8220;<br>Nach acht Jahren und 45 Abenden ging \u201eAngesagt \u2013 Menschen aus der Region\u201c<br>im Dezember 2011 zum letzten Mal \u00fcber die B\u00fchne im Kulturzentrum \u201eLinse\u201c.<\/p>\n\n\n\n<p>Fast 130 G\u00e4ste aus der Region Bodensee \u2013 Oberschwaben \u2013 Allg\u00e4u faszinierten mit ihren Lebensentw\u00fcrfen, mit ihrem sozialen, kulturellen, politischen und beruflichen Engagement das Publikum. Mutige, quere, leidenschaftliche, manchmal ob der gesellschaftlichen Verh\u00e4ltnisse w\u00fctende Menschen aus allen Berufen und sozialen Schichten.<br>Begleitet an jedem Abend von Musikern aus der Region, \u00fcber achtzig an diesen 45 Abenden, in allen denkbaren Stilen und auf allen denkbaren Instrumenten.<br>Am Freitag 25. Januar 2013 hatte ein neues Format Premiere in der Linse: \u201eForschung im Gespr\u00e4ch\u201c<br>Einblicke in Labors, Angewandte Wissenschaften &#8211; Informatik, Nanotechnologie,<br>Neurologie oder Robotik, Transport- und Verkehrsleitsysteme, Satelliten, Agrar- oder<br>Zellforschung.<br>Dieses Talk-Format musste Ende 2013 leider aus budget\u00e4ren Gr\u00fcnden eingestellt werden.<\/p>\n\n\n\n<pre class=\"wp-block-code\"><code>6. Zu meiner Person\n\n\n    6.1. Vita<\/code><\/pre>\n\n\n\n<ul class=\"wp-block-list\">\n<li>geboren 1945 in Ravensburg<\/li>\n\n\n\n<li>Studium an den Universit\u00e4ten T\u00fcbingen und M\u00fcnchen: Musik- und Theaterwissenschaft, Germanistik, Kunstgeschichte.<\/li>\n\n\n\n<li>Theaterassistenzen bei Paul Verhoeven &#8211; M\u00fcnchener Kammerspiele, Kurt Pscherer &#8211; , Oper am G\u00e4rtnerplatz, Eberhard Sch\u00f6ner &#8211; M\u00fcnchener Kammeroper, Kurt Wilhelm &#8211; Bayerisches Fernsehen<\/li>\n\n\n\n<li>Gesangsstudium bei Prof. Hermann Achenbach, T\u00fcbingen; am Richard-Strau\u00df-Konservatorium M\u00fcnchen bei Hans Herbert Fiedler<\/li>\n\n\n\n<li>Regisseur, Dramaturg, Autor an Schauspiel und Modernem Musiktheater in M\u00fcnchen, Staatstheater Kassel, Marl (Experimentelles Kinder- &amp; Stra\u00dfentheater)<\/li>\n\n\n\n<li>Journalist, Autor, Schauspieler, Regisseur und Dramaturg &#8211; H\u00f6rfunk und Fernsehen WDR (1972-78), f\u00fcr ARD &amp; ZDF<\/li>\n\n\n\n<li>H\u00f6rspiel-, Theater-, Medienprojekte f\u00fcr Internationale Organisationen in Asien und Afrika (UNESCO, Goethe Institute, gtz u.a.) seit 1982, Deutsche Welle Radio Training Centre 1978 &#8211; 2004 Trainer in K\u00f6ln, Asien, Afrika<\/li>\n\n\n\n<li>Leiter eines Medienprojektes der Friedrich-Naumann-Stiftung in Lusaka\/Sambia, 1979 &#8211; 81, mit den Ministerien f\u00fcr Information, Bildung, Landwirtschaft, Kultur, Gesundheit<\/li>\n<\/ul>\n\n\n\n<p>1998 R\u00fcckkehr nach Ravensburg:<\/p>\n\n\n\n<p>Literatur-, Theater-Projekte mit f\u00fchrenden Musikern der Region, Auftritte bei zahlreichen Internat. Festivals, Bodenseefestival, Literaturen Asien, Afrika, Lateinamerika, Orient; West-\/Osteuropa, England, Bodenseeregion \/ Oberschwaben.<\/p>\n\n\n\n<p>Dozent Staatliche Duale Hochschule BW, Ravensburg seit 1998; 2009 \u2013 2014 Schule f\u00fcr Gestaltung, Ravensburg; Fachhochschule Weingarten seit 2009.<br>*Regie &amp; Buch der Dokumentarfilmreihe \u201eZeitZeugen\u201c<br>*Kurator der Ausstellung \u201eErich Hausser\u201c, Museum Humpis Quartier<br>*Kunst &amp; Literaturprojekt \u201eLyrik aus 17 L\u00e4ndern in der Unterstadt\u201c<\/p>\n\n\n\n<p>\u00d6ffentliches Photo-Documentary Projekt \u201eH\u00e4nde\u201c, mit Veit H\u00e4mmerle, 2017<\/p>\n\n\n\n<p><\/p>\n\n\n\n<p><code>6.2. Preise und Auszeichnungen<\/code><\/p>\n\n\n\n<p>Journalistenpreis Entwicklungspolitik,<br>durch Bundespr\u00e4sident Richard von Weizs\u00e4cker, Bonn 1988.<\/p>\n\n\n\n<p>Journalistenpreis Entwicklungspolitik,<br>durch Bundespr\u00e4sident Roman Herzog, Bonn 1993.<\/p>\n\n\n\n<p>UNESCO world decade of culture, 1995<br>Auszeichnung f\u00fcr Afrikanische &amp; Asiatische H\u00f6rspiele &amp; Publikationen. Deutsche UNESCO Kommission.<\/p>\n\n\n\n<p>The Golden Letter 2000, Bologna International Childrens Book Fair.<br>Sch\u00f6nstes Buch der Welt, mit Henning Wagenbreth, f\u00fcr \u201eMond und Morgenstern\u201c.<\/p>\n\n\n\n<p>1. Preis der Stiftung Buchkunst, Frankfurter Buchmesse 2000, f\u00fcr \u201eMond und Morgenstern.\u201c<\/p>\n\n\n\n<p>Kinderbuchpreis 2000, Deutsche UNESCO Kommission, f\u00fcr \u201eMond und Morgenstern.\u201c<\/p>\n\n\n\n<p>Willi-Bleicher-Preis des DGB, 2007.<br>F\u00fcr gewerkschaftlichen Journalismus und die Gespr\u00e4chsreihe \u201eAngesagt\u201c in Weingarten. Begr\u00fcndung: \u201eEinmischung eines engagierten Zeitgenossen.<\/p>\n\n\n\n<p>1. Preis in der Kategorie Mittelst\u00e4dte f\u00fcr das Projekt &#8222;Lyrik in der Unterstadt&#8220;,<br>Ravensburg 2013, im Wettbewerb Stadtmarketing Baden-W\u00fcrttemberg, November 2015<\/p>\n\n\n\n<p><code>6.3. Mitgliedschaften<\/code><\/p>\n\n\n\n<ul class=\"wp-block-list\">\n<li>Reporter ohne Grenzen<\/li>\n\n\n\n<li>Verband Deutscher Schriftsteller in der Gewerkschaft ver.di<\/li>\n\n\n\n<li>amnesty international<\/li>\n\n\n\n<li>Robin Wood http:\/\/www.robinwood.de<\/li>\n\n\n\n<li>Gesellschaft f\u00fcr Bedrohte V\u00f6lker http:\/\/www.gfbv.de<\/li>\n\n\n\n<li>Christliche Initiative Romero, M\u00fcnster http:\/\/www.ci-romero.de<\/li>\n\n\n\n<li>terre des femmes https:\/frauenrechte.de<\/li>\n<\/ul>\n\n\n\n<ol class=\"wp-block-list\">\n<li>Impressum, Datenschutz, Kontakt<\/li>\n<\/ol>\n\n\n\n<p>7.1. Kontaktdaten:<\/p>\n\n\n\n<p>Wolfram Frommlet<br>Untere Breite Stra\u00dfe 43<br>D 88212 Ravensburg<br>Tel. 0751 &#8211; 35 21 00<br>Fax 0751 &#8211; 35 21 09<br>Mobil 0170 90 45 206<br>E-Mail: buero@frommlet-wolfram.de<br>Internet: www.frommlet-wolfram.de<\/p>\n\n\n\n<p>7.2. Impressum:<\/p>\n\n\n\n<p>Wolfram Frommlet<br>Untere Breite Stra\u00dfe 43<br>D 88212 Ravensburg<br>Tel. 0751 \u2013 35 21 00<br>E-Mail: buero@frommlet-wolfram.de<br>Internet: www.frommlet-wolfram.de<\/p>\n\n\n\n<p>Inhaltlich Verantwortlicher gem\u00e4\u00df \u00a7 10 Absatz 3 MDStV:<br>Wolfram Frommlet<br>Untere Breite Stra\u00dfe 43<br>D 88212 Ravensburg<br>Mobile Phone: 0170 \/ 90 45 206<\/p>\n\n\n\n<p>Inhaltlich Verantwortlicher gem\u00e4\u00df \u00a7 10 Absatz 3 MDStV:<br>Wolfram Frommlet<\/p>\n\n\n\n<p>Haftung f\u00fcr Links<br>Unser Angebot enth\u00e4lt Links zu externen Webseiten Dritter, auf<br>deren Inhalte wir keinen Einfluss haben. Deshalb k\u00f6nnen wir f\u00fcr diese fremden<br>Inhalte auch keine Gew\u00e4hr \u00fcbernehmen. F\u00fcr die Inhalte der verlinkten Seiten ist<br>stets der jeweilige Anbieter oder Betreiber der Seiten verantwortlich<\/p>\n\n\n\n<p>7.3.Datenschutz<br>Datenschutzerkl\u00e4rung<\/p>\n\n\n\n<p>\u00a7 1 Allgemeines<\/p>\n\n\n\n<p>Ihre personenbezogenen Daten (z.B. Anrede, Name, Anschrift, E-Mail-Adresse, Telefonnummer, Bankverbindung, Kreditkartennummer) werden von uns nur gem\u00e4\u00df den Bestimmungen des deutschen Datenschutzrechts verarbeitet. Die nachfolgenden Vorschriften informieren Sie \u00fcber Art, Umfang und Zweck der Erhebung, Verarbeitung und Nutzung personenbezogener Daten. Diese Datenschutzerkl\u00e4rung bezieht sich nur auf unsere Webseiten. Falls Sie \u00fcber Links auf unseren Seiten auf andere Seiten weitergeleitet werden, informieren Sie sich bitte dort \u00fcber den jeweiligen Umgang mit Ihren Daten.<br>\u00a7 2 Bestandsdaten<\/p>\n\n\n\n<p>(1) Ihre personenbezogenen Daten, soweit diese f\u00fcr die Begr\u00fcndung, inhaltliche Ausgestaltung oder \u00c4nderung des Vertragsverh\u00e4ltnisses erforderlich sind (Bestandsdaten), werden ausschlie\u00dflich zur Vertragsabwicklung verwendet. So muss z.B. zur Zustellung von Briefen Ihr Name und Ihre Anschrift an den Versanddienstleister weitergegeben werden.<\/p>\n\n\n\n<p>(2) Ohne Ihre ausdr\u00fcckliche Einwilligung oder ohne gesetzliche Grundlage werden Ihre personenbezogenen Daten nicht an au\u00dferhalb der Vertragsbeziehung stehende Dritte weitergegeben. Nach vollst\u00e4ndigem Ende des Vertragsverh\u00e4ltnisses werden Ihre Daten, z.B. Passw\u00f6rter und f\u00fcr Sie angelegte Kreativdaten archiviert, d.h. gesichert und verschl\u00fcsselt aufbewahrt. Eine Verwendung der Daten findet nicht mehr statt. Nach Ablauf von zehn Jahren werden Kundendaten gel\u00f6scht, es sei denn, Kundin oder Kundin h\u00e4tte um weitere Speicherung gebeten.<br>\u00a7 3 Kommentare<\/p>\n\n\n\n<p>Es besteht keine M\u00f6glichkeit, einen Kommentar zu verfassen. Bis zur Kl\u00e4rung der Rechtslage sind die interaktiven Funktionen abgeschaltet. Sie sind freundlich gebeten, die Kontaktseite und dort die E-Mail-Funktionen zu verwenden.<br>\u00a7 4 Webanalyse: Cookies, Google Analytics<\/p>\n\n\n\n<p>Diese Website benutzt weder Google Analytics, noch Tracking, noch andere Webanalysedienste. der Google Inc. (\u201eGoogle\u201e). Ebensowenig verwendet werden sog. \u201eCookies\u201e, Textdateien, die auf Ihrem Computer gespeichert werden und die eine Analyse der Benutzung der Website durch Sie erm\u00f6glichen.<br>\u00a7 5 Auskunft<\/p>\n\n\n\n<p>Nach dem Bundesdatenschutzgesetz (BDSG) haben Sie ein Recht auf unentgeltliche Auskunft \u00fcber Ihre gespeicherten Daten sowie ggf. ein Recht auf Berichtigung, Sperrung oder L\u00f6schung dieser Daten.<\/p>\n\n\n\n<p>Verantwortlicher f\u00fcr die Datenverarbeitung:<\/p>\n\n\n\n<p>Wolfram Frommlet<\/p>\n\n\n\n<p>Untere Breite Stra\u00dfe 43<br>D 88212 Ravensburg<\/p>\n\n\n\n<p>Tel. 0751 \u2013 35 21 00<\/p>\n\n\n\n<p>E-Mail: buero@frommlet-wolfram.de<br>Internet: www.frommlet-wolfram.de<br>Inhaltlich veranwortlich<\/p>\n\n\n\n<p>Inhaltlich Verantwortlicher gem\u00e4\u00df \u00a7 10 Absatz 3 MDStV:<br>Wolfram Frommlet<\/p>\n\n\n\n<p>Wolfram Frommlet<\/p>\n\n\n\n<p>Untere Breite Stra\u00dfe 43<br>D 88212 Ravensburg<\/p>\n\n\n\n<p>Mobile Phone: 0170 \/ 90 45 206<\/p>\n","protected":false},"excerpt":{"rendered":"<p>Auf dieser Seite finden Sie den gesamten Inhalt des Internet-Angebotes unter www.frommlet-wolfram.de in barriere-armer Fassung, als unformatierten Text. R\u00fcckfragen gern jederzeit telefonisch oder unter der angegebenen E-Mail Adresse. Wir werden Ihnen jederzeit gern dabei helfen, das Informationsangebot dieser Seiten zu nutzen, kontaktieren Sie uns \u00fcber die angegebenen Kan\u00e4le. Sie k\u00f6nnen die ASCII Datei auch f\u00fcr&hellip;&nbsp;<a href=\"https:\/\/frommlet-wolfram.de\/index.php\/barrierefrei\/\" rel=\"bookmark\"><span class=\"screen-reader-text\">Barrierefrei<\/span><\/a><\/p>\n","protected":false},"author":1,"featured_media":0,"parent":0,"menu_order":0,"comment_status":"closed","ping_status":"closed","template":"","meta":{"neve_meta_sidebar":"","neve_meta_container":"","neve_meta_enable_content_width":"","neve_meta_content_width":0,"neve_meta_title_alignment":"","neve_meta_author_avatar":"","neve_post_elements_order":"","neve_meta_disable_header":"","neve_meta_disable_footer":"","neve_meta_disable_title":"","footnotes":""},"class_list":["post-227","page","type-page","status-publish","hentry"],"_links":{"self":[{"href":"https:\/\/frommlet-wolfram.de\/index.php\/wp-json\/wp\/v2\/pages\/227","targetHints":{"allow":["GET"]}}],"collection":[{"href":"https:\/\/frommlet-wolfram.de\/index.php\/wp-json\/wp\/v2\/pages"}],"about":[{"href":"https:\/\/frommlet-wolfram.de\/index.php\/wp-json\/wp\/v2\/types\/page"}],"author":[{"embeddable":true,"href":"https:\/\/frommlet-wolfram.de\/index.php\/wp-json\/wp\/v2\/users\/1"}],"replies":[{"embeddable":true,"href":"https:\/\/frommlet-wolfram.de\/index.php\/wp-json\/wp\/v2\/comments?post=227"}],"version-history":[{"count":3,"href":"https:\/\/frommlet-wolfram.de\/index.php\/wp-json\/wp\/v2\/pages\/227\/revisions"}],"predecessor-version":[{"id":257,"href":"https:\/\/frommlet-wolfram.de\/index.php\/wp-json\/wp\/v2\/pages\/227\/revisions\/257"}],"wp:attachment":[{"href":"https:\/\/frommlet-wolfram.de\/index.php\/wp-json\/wp\/v2\/media?parent=227"}],"curies":[{"name":"wp","href":"https:\/\/api.w.org\/{rel}","templated":true}]}}